{"id":30,"date":"2025-01-27T10:45:23","date_gmt":"2025-01-27T09:45:23","guid":{"rendered":"https:\/\/bybellavista.fr\/?page_id=30"},"modified":"2025-05-04T13:54:00","modified_gmt":"2025-05-04T11:54:00","slug":"boramars-by-bellavista","status":"publish","type":"page","link":"https:\/\/bybellavista.fr\/index.php\/boramars-by-bellavista\/","title":{"rendered":"Boramars By Bellavista &#8211; climatis\u00e9 &#8211; 200m de la plage"},"content":{"rendered":"\n<hr class=\"wp-block-separator has-alpha-channel-opacity\"\/>\n\n\n\n<h3 class=\"wp-block-heading has-accent-color has-text-color has-link-color wp-elements-a5a2c6c3b3b52bbafe7719af0032a194\"><strong>Bienvenue dans votre havre de paix climatis\u00e9 \u00e0 deux pas de la mer !<\/strong><\/h3>\n\n\n\n<p>Au c\u0153ur de la pin\u00e8de et au calme, cet <strong><mark style=\"background-color:rgba(0, 0, 0, 0)\" class=\"has-inline-color has-accent-color\">appartement climatis\u00e9<\/mark><\/strong> de 30m2 propose une terrasse de 11m2 expos\u00e9e Sud-Ouest avec salon de jardin et store int\u00e9gral.<br>Les commerces familiaux et chaleureux sont \u00e0 moins de 3 min \u00e0 pied.<\/p>\n\n\n\n<p>De nombreux parkings gratuits sont accessibles tr\u00e8s facilement \u00e0 moins de 2 min \u00e0 pieds.<br>La cuisine est \u00e9quip\u00e9e de tout le confort moderne : four, plaques vitro c\u00e9ramique, r\u00e9frig\u00e9rateur et cong\u00e9lateur, cafeti\u00e8re, micro Onde.<\/p>\n\n\n\n<p>Ce coquet appartement est situ\u00e9 au 2e et dernier \u00e9tage d\u2019une petite r\u00e9sidence \u00e0 moins de 200 m de la plage et le calme et l\u2019apaisement sont les ma\u00eetres mots de l\u2019emplacement.<br>Avec une d\u00e9coration contemporaine et chaleureuse, il peut accueillir confortablement 4 personnes :<br>\u2013 1 grand canap\u00e9 lit 2 places dans le s\u00e9jour<br>\u2013 2 lits 1 place dans la chambre s\u00e9par\u00e9e<br>Le salon est \u00e9quip\u00e9 d\u2019une t\u00e9l\u00e9vision \u00e0 \u00e9cran plat,&nbsp;une table basse et une table de repas avec&nbsp;chaises.<\/p>\n\n\n\n<p>La salle de bain avec wc poss\u00e8de une&nbsp;douche de 90\u00d790, un grand lavabo et une machine \u00e0 laver.<\/p>\n\n\n\n<p>De plus, dans le respect d\u2019une hygi\u00e8ne optimale : des al\u00e8ses jetables de lit et d\u2019oreiller sont fournies et chang\u00e9es entre chaque locataire.<\/p>\n\n\n\n<h4 class=\"wp-block-heading has-accent-color has-text-color has-link-color wp-elements-adda1d3964ea8350a042a37d8a86873d\"><strong>Un cadre id\u00e9al pour vos s\u00e9jours :<\/strong><\/h4>\n\n\n\n<ul class=\"wp-block-list\">\n<li><strong>Emplacement privil\u00e9gi\u00e9 :<\/strong> \u00c0 deux pas de la plage et \u00e0 proximit\u00e9 des commodit\u00e9s locales, profitez d\u2019un cadre parfait pour vous d\u00e9tendre et explorer la r\u00e9gion.<\/li>\n\n\n\n<li><strong>Espaces bien pens\u00e9s :<\/strong> Cet appartement lumineux dispose d\u2019une chambre confortable, d\u2019un salon accueillant avec canap\u00e9-lit, d\u2019une cuisine enti\u00e8rement \u00e9quip\u00e9e et d\u2019une salle de bain moderne.<\/li>\n\n\n\n<li><strong>Confort et \u00e9quipements :<\/strong> Climatisation, Wi-Fi, et tout ce qu\u2019il faut pour vous sentir comme chez vous.<\/li>\n<\/ul>\n\n\n\n<h4 class=\"wp-block-heading has-accent-color has-text-color has-link-color wp-elements-250d45c7e820d17bc3d006c54b4cfaef\"><strong>Pourquoi choisir notre appartement ?<\/strong><\/h4>\n\n\n\n<ul class=\"wp-block-list\">\n<li><strong>Un s\u00e9jour sans souci :<\/strong> L&rsquo;appartement est soigneusement entretenu pour garantir votre confort.<\/li>\n\n\n\n<li><strong>Pour tous les go\u00fbts :<\/strong> Que vous soyez en qu\u00eate de repos, d&rsquo;activit\u00e9s nautiques ou de d\u00e9couvertes culturelles, vous trouverez votre bonheur \u00e0 proximit\u00e9.<\/li>\n\n\n\n<li><strong>Id\u00e9al pour les familles ou amis :<\/strong> Avec sa capacit\u00e9 d\u2019accueil, il est parfait pour des vacances en duo, en famille ou entre amis.<\/li>\n<\/ul>\n\n\n\n<h4 class=\"wp-block-heading\"><strong>R\u00e9servez d\u00e8s maintenant !<\/strong><\/h4>\n\n\n\n<h4 class=\"wp-block-heading has-accent-color has-text-color has-link-color wp-elements-1d280162a0f9d4e9fcdaa1b291a6d481\">Consultez les disponibilit\u00e9s sur <a href=\"https:\/\/www.booking.com\/hotel\/fr\/t2-4-pers-2-pas-de-la-mer-200m-de-la-plage.fr.html\">ce lien<\/a> pour organiser votre s\u00e9jour.<\/h4>\n\n\n\n<h4 class=\"wp-block-heading has-accent-color has-text-color has-link-color wp-elements-4ccead01df0ef7cd3363b3b1181a1e34\"><strong>Contactez-nous directement pour une r\u00e9servation simplifi\u00e9e et une exp\u00e9rience sur mesure : <a href=\"https:\/\/bybellavista.fr\/index.php\/contact\/\" data-type=\"page\" data-id=\"204\">CONTACT<\/a>.<\/strong><\/h4>\n\n\n\n<figure class=\"wp-block-gallery has-nested-images columns-default is-cropped wp-block-gallery-1 is-layout-flex wp-block-gallery-is-layout-flex\">\n<figure class=\"wp-block-image size-large\"><img loading=\"lazy\" decoding=\"async\" width=\"576\" height=\"768\" data-id=\"38\" src=\"https:\/\/bybellavista.fr\/wp-content\/uploads\/2025\/01\/288154708.jpg\" alt=\"\" class=\"wp-image-38\" srcset=\"https:\/\/bybellavista.fr\/wp-content\/uploads\/2025\/01\/288154708.jpg 576w, https:\/\/bybellavista.fr\/wp-content\/uploads\/2025\/01\/288154708-225x300.jpg 225w\" sizes=\"auto, (max-width: 576px) 100vw, 576px\" \/><\/figure>\n\n\n\n<figure class=\"wp-block-image size-large\"><img loading=\"lazy\" decoding=\"async\" width=\"1024\" height=\"768\" data-id=\"46\" src=\"https:\/\/bybellavista.fr\/wp-content\/uploads\/2025\/01\/581810132.jpg\" alt=\"\" class=\"wp-image-46\" srcset=\"https:\/\/bybellavista.fr\/wp-content\/uploads\/2025\/01\/581810132.jpg 1024w, https:\/\/bybellavista.fr\/wp-content\/uploads\/2025\/01\/581810132-300x225.jpg 300w, https:\/\/bybellavista.fr\/wp-content\/uploads\/2025\/01\/581810132-768x576.jpg 768w\" sizes=\"auto, (max-width: 1024px) 100vw, 1024px\" \/><\/figure>\n\n\n\n<figure class=\"wp-block-image size-large\"><img loading=\"lazy\" decoding=\"async\" width=\"576\" height=\"768\" data-id=\"45\" src=\"https:\/\/bybellavista.fr\/wp-content\/uploads\/2025\/01\/581809873.jpg\" alt=\"\" class=\"wp-image-45\" srcset=\"https:\/\/bybellavista.fr\/wp-content\/uploads\/2025\/01\/581809873.jpg 576w, https:\/\/bybellavista.fr\/wp-content\/uploads\/2025\/01\/581809873-225x300.jpg 225w\" sizes=\"auto, (max-width: 576px) 100vw, 576px\" \/><\/figure>\n\n\n\n<figure class=\"wp-block-image size-large\"><img loading=\"lazy\" decoding=\"async\" width=\"576\" height=\"768\" data-id=\"43\" src=\"https:\/\/bybellavista.fr\/wp-content\/uploads\/2025\/01\/531258003.jpg\" alt=\"\" class=\"wp-image-43\" srcset=\"https:\/\/bybellavista.fr\/wp-content\/uploads\/2025\/01\/531258003.jpg 576w, https:\/\/bybellavista.fr\/wp-content\/uploads\/2025\/01\/531258003-225x300.jpg 225w\" sizes=\"auto, (max-width: 576px) 100vw, 576px\" \/><\/figure>\n\n\n\n<figure class=\"wp-block-image size-large\"><img loading=\"lazy\" decoding=\"async\" width=\"576\" height=\"768\" data-id=\"37\" src=\"https:\/\/bybellavista.fr\/wp-content\/uploads\/2025\/01\/288154583.jpg\" alt=\"\" class=\"wp-image-37\" srcset=\"https:\/\/bybellavista.fr\/wp-content\/uploads\/2025\/01\/288154583.jpg 576w, https:\/\/bybellavista.fr\/wp-content\/uploads\/2025\/01\/288154583-225x300.jpg 225w\" sizes=\"auto, (max-width: 576px) 100vw, 576px\" \/><\/figure>\n\n\n\n<figure class=\"wp-block-image size-large\"><img loading=\"lazy\" decoding=\"async\" width=\"576\" height=\"768\" data-id=\"33\" src=\"https:\/\/bybellavista.fr\/wp-content\/uploads\/2025\/01\/280353646.jpg\" alt=\"\" class=\"wp-image-33\" srcset=\"https:\/\/bybellavista.fr\/wp-content\/uploads\/2025\/01\/280353646.jpg 576w, https:\/\/bybellavista.fr\/wp-content\/uploads\/2025\/01\/280353646-225x300.jpg 225w\" sizes=\"auto, (max-width: 576px) 100vw, 576px\" \/><\/figure>\n\n\n\n<figure class=\"wp-block-image size-large\"><img loading=\"lazy\" decoding=\"async\" width=\"576\" height=\"768\" data-id=\"32\" src=\"https:\/\/bybellavista.fr\/wp-content\/uploads\/2025\/01\/280353645.jpg\" alt=\"\" class=\"wp-image-32\" srcset=\"https:\/\/bybellavista.fr\/wp-content\/uploads\/2025\/01\/280353645.jpg 576w, https:\/\/bybellavista.fr\/wp-content\/uploads\/2025\/01\/280353645-225x300.jpg 225w\" sizes=\"auto, (max-width: 576px) 100vw, 576px\" \/><\/figure>\n\n\n\n<figure class=\"wp-block-image size-large\"><img loading=\"lazy\" decoding=\"async\" width=\"576\" height=\"768\" data-id=\"35\" src=\"https:\/\/bybellavista.fr\/wp-content\/uploads\/2025\/01\/280353657.jpg\" alt=\"\" class=\"wp-image-35\" srcset=\"https:\/\/bybellavista.fr\/wp-content\/uploads\/2025\/01\/280353657.jpg 576w, https:\/\/bybellavista.fr\/wp-content\/uploads\/2025\/01\/280353657-225x300.jpg 225w\" sizes=\"auto, (max-width: 576px) 100vw, 576px\" \/><\/figure>\n\n\n\n<figure class=\"wp-block-image size-large\"><img loading=\"lazy\" decoding=\"async\" width=\"576\" height=\"768\" data-id=\"34\" src=\"https:\/\/bybellavista.fr\/wp-content\/uploads\/2025\/01\/280353651.jpg\" alt=\"\" class=\"wp-image-34\" srcset=\"https:\/\/bybellavista.fr\/wp-content\/uploads\/2025\/01\/280353651.jpg 576w, https:\/\/bybellavista.fr\/wp-content\/uploads\/2025\/01\/280353651-225x300.jpg 225w\" sizes=\"auto, (max-width: 576px) 100vw, 576px\" \/><\/figure>\n\n\n\n<figure class=\"wp-block-image size-large\"><img loading=\"lazy\" decoding=\"async\" width=\"626\" height=\"447\" data-id=\"42\" src=\"https:\/\/bybellavista.fr\/wp-content\/uploads\/2025\/01\/418138236.jpg\" alt=\"\" class=\"wp-image-42\" srcset=\"https:\/\/bybellavista.fr\/wp-content\/uploads\/2025\/01\/418138236.jpg 626w, https:\/\/bybellavista.fr\/wp-content\/uploads\/2025\/01\/418138236-300x214.jpg 300w\" sizes=\"auto, (max-width: 626px) 100vw, 626px\" \/><\/figure>\n\n\n\n<figure class=\"wp-block-image size-large\"><img loading=\"lazy\" decoding=\"async\" width=\"502\" height=\"768\" data-id=\"40\" src=\"https:\/\/bybellavista.fr\/wp-content\/uploads\/2025\/01\/294211495.jpg\" alt=\"\" class=\"wp-image-40\" srcset=\"https:\/\/bybellavista.fr\/wp-content\/uploads\/2025\/01\/294211495.jpg 502w, https:\/\/bybellavista.fr\/wp-content\/uploads\/2025\/01\/294211495-196x300.jpg 196w\" sizes=\"auto, (max-width: 502px) 100vw, 502px\" \/><\/figure>\n\n\n\n<figure class=\"wp-block-image size-large\"><img loading=\"lazy\" decoding=\"async\" width=\"790\" height=\"768\" data-id=\"39\" src=\"https:\/\/bybellavista.fr\/wp-content\/uploads\/2025\/01\/294211442.jpg\" alt=\"\" class=\"wp-image-39\" srcset=\"https:\/\/bybellavista.fr\/wp-content\/uploads\/2025\/01\/294211442.jpg 790w, https:\/\/bybellavista.fr\/wp-content\/uploads\/2025\/01\/294211442-300x292.jpg 300w, https:\/\/bybellavista.fr\/wp-content\/uploads\/2025\/01\/294211442-768x747.jpg 768w\" sizes=\"auto, (max-width: 790px) 100vw, 790px\" \/><\/figure>\n\n\n\n<figure class=\"wp-block-image size-large\"><img loading=\"lazy\" decoding=\"async\" width=\"500\" height=\"500\" data-id=\"41\" src=\"https:\/\/bybellavista.fr\/wp-content\/uploads\/2025\/01\/368760955.jpg\" alt=\"\" class=\"wp-image-41\" srcset=\"https:\/\/bybellavista.fr\/wp-content\/uploads\/2025\/01\/368760955.jpg 500w, https:\/\/bybellavista.fr\/wp-content\/uploads\/2025\/01\/368760955-300x300.jpg 300w, https:\/\/bybellavista.fr\/wp-content\/uploads\/2025\/01\/368760955-150x150.jpg 150w\" sizes=\"auto, (max-width: 500px) 100vw, 500px\" \/><\/figure>\n\n\n\n<figure class=\"wp-block-image size-large\"><img loading=\"lazy\" decoding=\"async\" width=\"1024\" height=\"768\" data-id=\"31\" src=\"https:\/\/bybellavista.fr\/wp-content\/uploads\/2025\/01\/280351605.jpg\" alt=\"\" class=\"wp-image-31\" srcset=\"https:\/\/bybellavista.fr\/wp-content\/uploads\/2025\/01\/280351605.jpg 1024w, https:\/\/bybellavista.fr\/wp-content\/uploads\/2025\/01\/280351605-300x225.jpg 300w, https:\/\/bybellavista.fr\/wp-content\/uploads\/2025\/01\/280351605-768x576.jpg 768w\" sizes=\"auto, (max-width: 1024px) 100vw, 1024px\" \/><\/figure>\n\n\n\n<figure class=\"wp-block-image size-large\"><a href=\"https:\/\/bybellavista.fr\/wp-content\/uploads\/2025\/05\/plan-boramar.jpg\"><img loading=\"lazy\" decoding=\"async\" width=\"753\" height=\"744\" data-id=\"463\" src=\"https:\/\/bybellavista.fr\/wp-content\/uploads\/2025\/05\/plan-boramar.jpg\" alt=\"\" class=\"wp-image-463\" srcset=\"https:\/\/bybellavista.fr\/wp-content\/uploads\/2025\/05\/plan-boramar.jpg 753w, https:\/\/bybellavista.fr\/wp-content\/uploads\/2025\/05\/plan-boramar-300x296.jpg 300w\" sizes=\"auto, (max-width: 753px) 100vw, 753px\" \/><\/a><\/figure>\n<\/figure>\n","protected":false},"excerpt":{"rendered":"<p>Bienvenue dans votre havre de paix climatis\u00e9 \u00e0 deux pas de la mer ! Au c\u0153ur de la pin\u00e8de et au calme, cet appartement climatis\u00e9 de 30m2 propose une terrasse de 11m2 expos\u00e9e Sud-Ouest avec salon de jardin et store int\u00e9gral.Les commerces familiaux et chaleureux sont \u00e0 moins de 3 min \u00e0 pied. De nombreux &#8230; <a title=\"Boramars By Bellavista &#8211; climatis\u00e9 &#8211; 200m de la plage\" class=\"read-more\" href=\"https:\/\/bybellavista.fr\/index.php\/boramars-by-bellavista\/\" aria-label=\"En savoir plus sur Boramars By Bellavista &#8211; climatis\u00e9 &#8211; 200m de la plage\">Lire la suite<\/a><\/p>\n","protected":false},"author":1,"featured_media":0,"parent":0,"menu_order":0,"comment_status":"closed","ping_status":"closed","template":"","meta":{"footnotes":""},"class_list":["post-30","page","type-page","status-publish"],"yoast_head":"<!-- This site is optimized with the Yoast SEO plugin v27.0 - https:\/\/yoast.com\/product\/yoast-seo-wordpress\/ -->\n<title>Boramars By Bellavista - climatis\u00e9 - 200m de la plage - ByBellavista<\/title>\n<meta name=\"robots\" content=\"index, follow, max-snippet:-1, max-image-preview:large, max-video-preview:-1\" \/>\n<link rel=\"canonical\" href=\"https:\/\/bybellavista.fr\/index.php\/boramars-by-bellavista\/\" \/>\n<meta property=\"og:locale\" content=\"fr_FR\" \/>\n<meta property=\"og:type\" content=\"article\" \/>\n<meta property=\"og:title\" content=\"Boramars By Bellavista - climatis\u00e9 - 200m de la plage - ByBellavista\" \/>\n<meta property=\"og:description\" content=\"Bienvenue dans votre havre de paix climatis\u00e9 \u00e0 deux pas de la mer ! Au c\u0153ur de la pin\u00e8de et au calme, cet appartement climatis\u00e9 de 30m2 propose une terrasse de 11m2 expos\u00e9e Sud-Ouest avec salon de jardin et store int\u00e9gral.Les commerces familiaux et chaleureux sont \u00e0 moins de 3 min \u00e0 pied. De nombreux ... Lire la suite\" \/>\n<meta property=\"og:url\" content=\"https:\/\/bybellavista.fr\/index.php\/boramars-by-bellavista\/\" \/>\n<meta property=\"og:site_name\" content=\"ByBellavista\" \/>\n<meta property=\"article:publisher\" content=\"https:\/\/www.facebook.com\/bellavista.deargeles\" \/>\n<meta property=\"article:modified_time\" content=\"2025-05-04T11:54:00+00:00\" \/>\n<meta property=\"og:image\" content=\"https:\/\/bybellavista.fr\/wp-content\/uploads\/2025\/01\/288154708.jpg\" \/>\n\t<meta property=\"og:image:width\" content=\"576\" \/>\n\t<meta property=\"og:image:height\" content=\"768\" \/>\n\t<meta property=\"og:image:type\" content=\"image\/jpeg\" \/>\n<meta name=\"twitter:card\" content=\"summary_large_image\" \/>\n<meta name=\"twitter:label1\" content=\"Dur\u00e9e de lecture estim\u00e9e\" \/>\n\t<meta name=\"twitter:data1\" content=\"2 minutes\" \/>\n<script type=\"application\/ld+json\" class=\"yoast-schema-graph\">{\"@context\":\"https:\/\/schema.org\",\"@graph\":[{\"@type\":\"WebPage\",\"@id\":\"https:\/\/bybellavista.fr\/index.php\/boramars-by-bellavista\/\",\"url\":\"https:\/\/bybellavista.fr\/index.php\/boramars-by-bellavista\/\",\"name\":\"Boramars By Bellavista - climatis\u00e9 - 200m de la plage - ByBellavista\",\"isPartOf\":{\"@id\":\"https:\/\/bybellavista.fr\/#website\"},\"primaryImageOfPage\":{\"@id\":\"https:\/\/bybellavista.fr\/index.php\/boramars-by-bellavista\/#primaryimage\"},\"image\":{\"@id\":\"https:\/\/bybellavista.fr\/index.php\/boramars-by-bellavista\/#primaryimage\"},\"thumbnailUrl\":\"https:\/\/bybellavista.fr\/wp-content\/uploads\/2025\/01\/288154708.jpg\",\"datePublished\":\"2025-01-27T09:45:23+00:00\",\"dateModified\":\"2025-05-04T11:54:00+00:00\",\"breadcrumb\":{\"@id\":\"https:\/\/bybellavista.fr\/index.php\/boramars-by-bellavista\/#breadcrumb\"},\"inLanguage\":\"fr-FR\",\"potentialAction\":[{\"@type\":\"ReadAction\",\"target\":[\"https:\/\/bybellavista.fr\/index.php\/boramars-by-bellavista\/\"]}]},{\"@type\":\"ImageObject\",\"inLanguage\":\"fr-FR\",\"@id\":\"https:\/\/bybellavista.fr\/index.php\/boramars-by-bellavista\/#primaryimage\",\"url\":\"https:\/\/bybellavista.fr\/wp-content\/uploads\/2025\/01\/288154708.jpg\",\"contentUrl\":\"https:\/\/bybellavista.fr\/wp-content\/uploads\/2025\/01\/288154708.jpg\",\"width\":576,\"height\":768},{\"@type\":\"BreadcrumbList\",\"@id\":\"https:\/\/bybellavista.fr\/index.php\/boramars-by-bellavista\/#breadcrumb\",\"itemListElement\":[{\"@type\":\"ListItem\",\"position\":1,\"name\":\"Accueil\",\"item\":\"https:\/\/bybellavista.fr\/\"},{\"@type\":\"ListItem\",\"position\":2,\"name\":\"Boramars By Bellavista &#8211; climatis\u00e9 &#8211; 200m de la plage\"}]},{\"@type\":\"WebSite\",\"@id\":\"https:\/\/bybellavista.fr\/#website\",\"url\":\"https:\/\/bybellavista.fr\/\",\"name\":\"ByBellavista\",\"description\":\"R\u00eaver, S&#039;\u00e9vader, Vivre\",\"publisher\":{\"@id\":\"https:\/\/bybellavista.fr\/#organization\"},\"potentialAction\":[{\"@type\":\"SearchAction\",\"target\":{\"@type\":\"EntryPoint\",\"urlTemplate\":\"https:\/\/bybellavista.fr\/?s={search_term_string}\"},\"query-input\":{\"@type\":\"PropertyValueSpecification\",\"valueRequired\":true,\"valueName\":\"search_term_string\"}}],\"inLanguage\":\"fr-FR\"},{\"@type\":\"Organization\",\"@id\":\"https:\/\/bybellavista.fr\/#organization\",\"name\":\"ByBellavista\",\"url\":\"https:\/\/bybellavista.fr\/\",\"logo\":{\"@type\":\"ImageObject\",\"inLanguage\":\"fr-FR\",\"@id\":\"https:\/\/bybellavista.fr\/#\/schema\/logo\/image\/\",\"url\":\"https:\/\/bybellavista.fr\/wp-content\/uploads\/2025\/01\/cropped-Logo-ByB-Small.png\",\"contentUrl\":\"https:\/\/bybellavista.fr\/wp-content\/uploads\/2025\/01\/cropped-Logo-ByB-Small.png\",\"width\":100,\"height\":85,\"caption\":\"ByBellavista\"},\"image\":{\"@id\":\"https:\/\/bybellavista.fr\/#\/schema\/logo\/image\/\"},\"sameAs\":[\"https:\/\/www.facebook.com\/bellavista.deargeles\"]}]}<\/script>\n<!-- \/ Yoast SEO plugin. -->","yoast_head_json":{"title":"Boramars By Bellavista - climatis\u00e9 - 200m de la plage - ByBellavista","robots":{"index":"index","follow":"follow","max-snippet":"max-snippet:-1","max-image-preview":"max-image-preview:large","max-video-preview":"max-video-preview:-1"},"canonical":"https:\/\/bybellavista.fr\/index.php\/boramars-by-bellavista\/","og_locale":"fr_FR","og_type":"article","og_title":"Boramars By Bellavista - climatis\u00e9 - 200m de la plage - ByBellavista","og_description":"Bienvenue dans votre havre de paix climatis\u00e9 \u00e0 deux pas de la mer ! Au c\u0153ur de la pin\u00e8de et au calme, cet appartement climatis\u00e9 de 30m2 propose une terrasse de 11m2 expos\u00e9e Sud-Ouest avec salon de jardin et store int\u00e9gral.Les commerces familiaux et chaleureux sont \u00e0 moins de 3 min \u00e0 pied. De nombreux ... Lire la suite","og_url":"https:\/\/bybellavista.fr\/index.php\/boramars-by-bellavista\/","og_site_name":"ByBellavista","article_publisher":"https:\/\/www.facebook.com\/bellavista.deargeles","article_modified_time":"2025-05-04T11:54:00+00:00","og_image":[{"width":576,"height":768,"url":"https:\/\/bybellavista.fr\/wp-content\/uploads\/2025\/01\/288154708.jpg","type":"image\/jpeg"}],"twitter_card":"summary_large_image","twitter_misc":{"Dur\u00e9e de lecture estim\u00e9e":"2 minutes"},"schema":{"@context":"https:\/\/schema.org","@graph":[{"@type":"WebPage","@id":"https:\/\/bybellavista.fr\/index.php\/boramars-by-bellavista\/","url":"https:\/\/bybellavista.fr\/index.php\/boramars-by-bellavista\/","name":"Boramars By Bellavista - climatis\u00e9 - 200m de la plage - ByBellavista","isPartOf":{"@id":"https:\/\/bybellavista.fr\/#website"},"primaryImageOfPage":{"@id":"https:\/\/bybellavista.fr\/index.php\/boramars-by-bellavista\/#primaryimage"},"image":{"@id":"https:\/\/bybellavista.fr\/index.php\/boramars-by-bellavista\/#primaryimage"},"thumbnailUrl":"https:\/\/bybellavista.fr\/wp-content\/uploads\/2025\/01\/288154708.jpg","datePublished":"2025-01-27T09:45:23+00:00","dateModified":"2025-05-04T11:54:00+00:00","breadcrumb":{"@id":"https:\/\/bybellavista.fr\/index.php\/boramars-by-bellavista\/#breadcrumb"},"inLanguage":"fr-FR","potentialAction":[{"@type":"ReadAction","target":["https:\/\/bybellavista.fr\/index.php\/boramars-by-bellavista\/"]}]},{"@type":"ImageObject","inLanguage":"fr-FR","@id":"https:\/\/bybellavista.fr\/index.php\/boramars-by-bellavista\/#primaryimage","url":"https:\/\/bybellavista.fr\/wp-content\/uploads\/2025\/01\/288154708.jpg","contentUrl":"https:\/\/bybellavista.fr\/wp-content\/uploads\/2025\/01\/288154708.jpg","width":576,"height":768},{"@type":"BreadcrumbList","@id":"https:\/\/bybellavista.fr\/index.php\/boramars-by-bellavista\/#breadcrumb","itemListElement":[{"@type":"ListItem","position":1,"name":"Accueil","item":"https:\/\/bybellavista.fr\/"},{"@type":"ListItem","position":2,"name":"Boramars By Bellavista &#8211; climatis\u00e9 &#8211; 200m de la plage"}]},{"@type":"WebSite","@id":"https:\/\/bybellavista.fr\/#website","url":"https:\/\/bybellavista.fr\/","name":"ByBellavista","description":"R\u00eaver, S&#039;\u00e9vader, Vivre","publisher":{"@id":"https:\/\/bybellavista.fr\/#organization"},"potentialAction":[{"@type":"SearchAction","target":{"@type":"EntryPoint","urlTemplate":"https:\/\/bybellavista.fr\/?s={search_term_string}"},"query-input":{"@type":"PropertyValueSpecification","valueRequired":true,"valueName":"search_term_string"}}],"inLanguage":"fr-FR"},{"@type":"Organization","@id":"https:\/\/bybellavista.fr\/#organization","name":"ByBellavista","url":"https:\/\/bybellavista.fr\/","logo":{"@type":"ImageObject","inLanguage":"fr-FR","@id":"https:\/\/bybellavista.fr\/#\/schema\/logo\/image\/","url":"https:\/\/bybellavista.fr\/wp-content\/uploads\/2025\/01\/cropped-Logo-ByB-Small.png","contentUrl":"https:\/\/bybellavista.fr\/wp-content\/uploads\/2025\/01\/cropped-Logo-ByB-Small.png","width":100,"height":85,"caption":"ByBellavista"},"image":{"@id":"https:\/\/bybellavista.fr\/#\/schema\/logo\/image\/"},"sameAs":["https:\/\/www.facebook.com\/bellavista.deargeles"]}]}},"_links":{"self":[{"href":"https:\/\/bybellavista.fr\/index.php\/wp-json\/wp\/v2\/pages\/30","targetHints":{"allow":["GET"]}}],"collection":[{"href":"https:\/\/bybellavista.fr\/index.php\/wp-json\/wp\/v2\/pages"}],"about":[{"href":"https:\/\/bybellavista.fr\/index.php\/wp-json\/wp\/v2\/types\/page"}],"author":[{"embeddable":true,"href":"https:\/\/bybellavista.fr\/index.php\/wp-json\/wp\/v2\/users\/1"}],"replies":[{"embeddable":true,"href":"https:\/\/bybellavista.fr\/index.php\/wp-json\/wp\/v2\/comments?post=30"}],"version-history":[{"count":13,"href":"https:\/\/bybellavista.fr\/index.php\/wp-json\/wp\/v2\/pages\/30\/revisions"}],"predecessor-version":[{"id":470,"href":"https:\/\/bybellavista.fr\/index.php\/wp-json\/wp\/v2\/pages\/30\/revisions\/470"}],"wp:attachment":[{"href":"https:\/\/bybellavista.fr\/index.php\/wp-json\/wp\/v2\/media?parent=30"}],"curies":[{"name":"wp","href":"https:\/\/api.w.org\/{rel}","templated":true}]}}